{"id":1480,"date":"2024-11-13T10:03:30","date_gmt":"2024-11-13T10:03:30","guid":{"rendered":"https:\/\/corinium-international.com\/servicios-especializados\/educacion-infantil\/"},"modified":"2025-07-30T17:33:53","modified_gmt":"2025-07-30T16:33:53","slug":"educacion-infantil","status":"publish","type":"page","link":"https:\/\/corinium-international.com\/es\/servicios-especializados\/educacion-infantil\/","title":{"rendered":"Educaci\u00f3n Infantil"},"content":{"rendered":"<section class=\"l-section wpb_row us_custom_f84eebe1 height_huge\"><div class=\"l-section-overlay\" style=\"background:rgba(0,0,0,0.45)\"><\/div><div class=\"l-section-h i-cf\"><div class=\"g-cols vc_row via_grid cols_2 laptops-cols_inherit tablets-cols_inherit mobiles-cols_1 valign_top type_default stacking_default\" style=\"--columns-gap:3rem;--laptops-columns-gap:3rem;--tablets-columns-gap:3rem;--mobiles-columns-gap:0rem;\"><div class=\"wpb_column vc_column_container\"><div class=\"vc_column-inner\"><h1 class=\"w-text us_custom_43205366 has_text_color\"><span class=\"w-text-h\"><span class=\"w-text-value\">Educaci\u00f3n y Atenci\u00f3n a la Primera Infancia (AEPI)<\/span><\/span><\/h1><\/div><\/div><div class=\"wpb_column vc_column_container us_custom_b87f930e\"><div class=\"vc_column-inner\"><\/div><\/div><\/div><\/div><\/section><section class=\"l-section wpb_row us_custom_21b9c38a height_small\"><div class=\"l-section-h i-cf\"><div class=\"g-cols vc_row via_grid cols_1 laptops-cols_inherit tablets-cols_inherit mobiles-cols_1 valign_top type_default stacking_default\"><div class=\"wpb_column vc_column_container\"><div class=\"vc_column-inner\"><nav class=\"g-breadcrumbs us_custom_84f5aaec separator_icon align_left\" itemscope itemtype=\"http:\/\/schema.org\/BreadcrumbList\"><div class=\"g-breadcrumbs-item\" itemscope itemprop=\"itemListElement\" itemtype=\"http:\/\/schema.org\/ListItem\"><a itemprop=\"item\" href=\"https:\/\/corinium-international.com\/es\/\"><span itemprop=\"name\">Inicio<\/span><\/a><meta itemprop=\"position\" content=\"1\"\/><\/div><div class=\"g-breadcrumbs-separator\"><i class=\"far fa-angle-right\"><\/i><\/div><div aria-current=\"page\" class=\"g-breadcrumbs-item\" itemscope itemprop=\"itemListElement\" itemtype=\"http:\/\/schema.org\/ListItem\"><span itemprop=\"name\">P\u00e1ginas<\/span><meta itemprop=\"position\" content=\"2\"\/><\/div><\/nav><\/div><\/div><\/div><\/div><\/section><section class=\"l-section wpb_row us_custom_887a049b height_medium\" id=\"details\"><div class=\"l-section-h i-cf\"><div class=\"g-cols vc_row via_grid cols_3-1 laptops-cols_inherit tablets-cols_inherit mobiles-cols_1 valign_top type_default stacking_default\"><div class=\"wpb_column vc_column_container\"><div class=\"vc_column-inner\"><h2 class=\"w-text us_custom_cfb2a71a\"><span class=\"w-text-h\"><span class=\"w-text-value\">Especialistas en Educaci\u00f3n Infantil<\/span><\/span><\/h2><div class=\"w-separator us_custom_1d2809b7 size_custom\" style=\"height:2px\"><\/div><div class=\"wpb_text_column\"><div class=\"wpb_wrapper\"><p>Actualmente existe un reconocimiento mundial del impacto positivo de invertir en programas de Desarrollo de la Primera Infancia (DPI) de alta calidad. Los marcos internacionales, desde la Convenci\u00f3n de las Naciones Unidas sobre los Derechos del Ni\u00f1o (1989) hasta los Objetivos de Desarrollo Sostenible para 2030, incluyen referencias, objetivos y metas espec\u00edficos en torno al acceso a programas de Desarrollo Infantil Temprano de calidad. <\/p>\n<p>Un conjunto cada vez mayor de investigaciones proporciona a los responsables pol\u00edticos y a los proveedores de servicios informaci\u00f3n valiosa que pone de relieve el impacto positivo de la inversi\u00f3n en los primeros a\u00f1os sobre, por ejemplo, el \u00e9xito acad\u00e9mico, el desarrollo humano y el crecimiento econ\u00f3mico. Invertir en los primeros a\u00f1os de la infancia es una estrategia fundamental para desarrollar el capital humano. Las inversiones inteligentes en el desarrollo f\u00edsico, cognitivo, ling\u00fc\u00edstico, social y emocional de los ni\u00f1os peque\u00f1os -desde antes del nacimiento hasta la transici\u00f3n a la escuela primaria- les colocan en la senda de una mayor prosperidad, y ayudan a sus pa\u00edses a ser m\u00e1s productivos y a competir con m\u00e1s \u00e9xito en una econom\u00eda global que cambia r\u00e1pidamente. En educaci\u00f3n, centrarse en la educaci\u00f3n y atenci\u00f3n a la primera infancia (AEPI) sienta las bases del aprendizaje futuro. El cerebro es el \u00fanico \u00f3rgano del cuerpo humano que no est\u00e1 completamente desarrollado al nacer; el 90% del desarrollo cerebral se produce antes de que el ni\u00f1o tenga 5 a\u00f1os y la calidad y cantidad de la nutrici\u00f3n, las conexiones emocionales y la estimulaci\u00f3n durante este periodo son cruciales para establecer la arquitectura del cerebro.    <\/p>\n<p>La prestaci\u00f3n de programas y servicios de AEPI de calidad a menudo se enfrenta a retos que son exclusivos del contexto en el que se prestan. Estos retos pueden darse a nivel de sistema y\/o a nivel de implementaci\u00f3n. En CAS podemos proporcionar an\u00e1lisis, asesoramiento t\u00e9cnico y desarrollo de capacidades a todos los niveles y seg\u00fan las necesidades definidas. Nuestros expertos tienen una amplia experiencia y conocimientos en el trabajo con los sectores p\u00fablico y privado en el espacio de la AEPI en regiones como Oriente Medio, Asia Central y Europa. Trabajando junto a responsables pol\u00edticos, investigadores, organismos de desarrollo nacionales e internacionales, as\u00ed como directamente con profesionales y dirigentes de la AEPI, nuestros expertos han conseguido crear capacidad \u00absobre el terreno\u00bb y mejorar los sistemas de programas de AEPI de calidad mediante: an\u00e1lisis sectoriales, recomendaciones estrat\u00e9gicas y pol\u00edticas, formaci\u00f3n de profesionales (incluidos paraprofesionales) y dirigentes de la AEPI, creaci\u00f3n y gesti\u00f3n de centros y programas de AEPI.    <\/p>\n<p>En la CAS no s\u00f3lo reconocemos la importancia de las inversiones y la acci\u00f3n en esta primera fase cr\u00edtica de la vida, sino que abogamos por ellas, y creemos que todo esfuerzo por mejorar la calidad de los programas y servicios de AEPI, por peque\u00f1o que sea, tiene el potencial de repercutir positivamente en los ni\u00f1os m\u00e1s peque\u00f1os. Para actuar ahora, haz clic aqu\u00ed.<\/p>\n<\/div><\/div><\/div><\/div><div class=\"wpb_column vc_column_container\"><div class=\"vc_column-inner\"><div class=\"w-grid us_grid type_grid layout_298 cols_1 preload_style_spinner open_items_in_popup\" id=\"us_grid_1\" style=\"--columns:1;--gap:1.5rem;\"><style>.layout_298 .w-grid-item-h{box-shadow:0 0.05rem 0.1rem rgba(0,0,0,0.1),0 0.17rem 0.5rem rgba(0,0,0,0.1);transition-duration:0.3s}.no-touch .layout_298 .w-grid-item-h:hover{box-shadow:0 0.08rem 0.16rem rgba(0,0,0,0.1),0 0.27rem 0.8rem rgba(0,0,0,0.15);z-index:4}.layout_298 .usg_post_image_1{margin-bottom:0!important;position:relative!important}.layout_298 .usg_post_title_1{font-size:20px!important;line-height:30px!important;font-weight:500!important;padding:1em 1em 0.2em 1em!important;margin:0 0 10px 0!important}.layout_298 .usg_post_custom_field_1{margin-bottom:20px!important;padding-left:1.2em!important;padding-right:1.2em!important}.layout_298 .usg_text_1{color:#000000!important;font-size:15px!important;line-height:12px!important;width:30px!important;height:30px!important;border-radius:100%!important;position:absolute!important;top:10px!important;right:10px!important;padding:10px!important;background:#ffffff!important;box-shadow:0 0 10px 0 rgba(0,0,0,0.25)!important}<\/style><div class=\"w-grid-list\">\t<article class=\"w-grid-item size_1x1 post-283 person type-person status-publish has-post-thumbnail hentry\" data-id=\"283\">\r\n\t\t<div class=\"w-grid-item-h\">\r\n\t\t\t\t\t\t\t<a href=\"https:\/\/corinium-international.com\/es\/person\/louise-ruskin-ma-bed\/\" class=\"w-grid-item-anchor\" aria-label=\"Louise Ruskin MA BEd\"><\/a>\r\n\t\t\t\t\t\t<div class=\"w-post-elm post_image usg_post_image_1 has_ratio\"><img loading=\"lazy\" decoding=\"async\" width=\"420\" height=\"315\" src=\"https:\/\/corinium-international.com\/wp-content\/uploads\/2024\/09\/Louise-scaled-1.jpg\" class=\"attachment-large size-large wp-post-image\" alt=\"Louise Ruskin MA BEd, Early Childhood Education Specialist\" \/><div style=\"padding-bottom:100%\"><\/div><\/div><div class=\"w-text usg_text_1 has_text_color no_text icon_atleft\"><span class=\"w-text-h\"><i class=\"far fa-plus\"><\/i><span class=\"w-text-value\"><\/span><\/span><\/div><h3 class=\"w-post-elm post_title usg_post_title_1 color_link_inherit\">Louise Ruskin MA BEd<\/h3><div class=\"w-post-elm post_custom_field usg_post_custom_field_1 type_text role color_link_inherit\"><span class=\"w-post-elm-value\">Early Childhood Education Specialist<\/span><\/div>\t\t<\/div>\r\n\t\t\t<\/article>\r\n<\/div>\t<div class=\"w-grid-preloader\">\r\n\t\t<div class=\"g-preloader type_1\">\r\n\t\t\t<div><\/div>\r\n\t\t<\/div>\r\n\t<\/div>\r\n\t\t<div class=\"w-grid-json hidden\" onclick='return {&quot;action&quot;:&quot;us_ajax_grid&quot;,&quot;infinite_scroll&quot;:0,&quot;max_num_pages&quot;:1,&quot;pagination&quot;:&quot;none&quot;,&quot;template_vars&quot;:{&quot;columns&quot;:&quot;1&quot;,&quot;exclude_items&quot;:&quot;none&quot;,&quot;img_size&quot;:&quot;default&quot;,&quot;ignore_items_size&quot;:0,&quot;items_layout&quot;:&quot;298&quot;,&quot;items_offset&quot;:&quot;1&quot;,&quot;load_animation&quot;:&quot;none&quot;,&quot;overriding_link&quot;:&quot;%7B%22type%22%3A%22popup_post%22%7D&quot;,&quot;post_id&quot;:0,&quot;query_args&quot;:{&quot;ignore_sticky_posts&quot;:1,&quot;post_type&quot;:&quot;any&quot;,&quot;post__in&quot;:[&quot;283&quot;],&quot;posts_per_page&quot;:&quot;1&quot;},&quot;orderby_query_args&quot;:{&quot;orderby&quot;:{&quot;post__in&quot;:&quot;ASC&quot;},&quot;order&quot;:&quot;ASC&quot;},&quot;type&quot;:&quot;grid&quot;,&quot;us_grid_post_type&quot;:&quot;ids&quot;,&quot;us_grid_ajax_index&quot;:1,&quot;us_grid_filter_query_string&quot;:null,&quot;us_grid_index&quot;:1,&quot;page_args&quot;:[],&quot;lang&quot;:&quot;es&quot;}}'><\/div>\r\n\t<div class=\"l-popup\">\r\n\t<div class=\"l-popup-overlay\"><\/div>\r\n\t<div class=\"l-popup-wrap\">\r\n\t\t<button class=\"l-popup-closer\" type=\"button\" aria-label=\"Cerrar\"><\/button>\r\n\t\t\t\t\t<button class=\"l-popup-arrow to_prev hidden\" type=\"button\" title=\"Previous\"><\/button>\r\n\t\t\t<button class=\"l-popup-arrow to_next hidden\" type=\"button\" title=\"Siguiente\"><\/button>\r\n\t\t\t\t<div class=\"l-popup-box\">\r\n\t\t\t<div class=\"l-popup-box-content\">\r\n\t\t\t\t<div class=\"g-preloader type_1\">\r\n\t\t\t\t\t<div><\/div>\r\n\t\t\t\t<\/div>\r\n\t\t\t\t<iframe class=\"l-popup-box-content-frame\" allowfullscreen><\/iframe>\r\n\t\t\t<\/div>\r\n\t\t<\/div>\r\n\t<\/div>\r\n<\/div>\r\n<\/div><\/div><\/div><\/div><\/div><\/section><section class=\"l-section wpb_row us_custom_887a049b height_medium\"><div class=\"l-section-h i-cf\"><div class=\"g-cols vc_row via_grid cols_1 laptops-cols_inherit tablets-cols_inherit mobiles-cols_1 valign_top type_default stacking_default\"><div class=\"wpb_column vc_column_container\"><div class=\"vc_column-inner\"><h2 class=\"w-text\"><span class=\"w-text-h\"><span class=\"w-text-value\">Talleres y Desarrollo Profesional<\/span><\/span><\/h2><div class=\"w-separator us_custom_8a6c069c size_custom\" style=\"height:2px\"><\/div><h6 class=\"w-text\"><span class=\"w-text-h\"><span class=\"w-text-value\">Para Profesionales de la AEPI:<\/span><\/span><\/h6><div class=\"w-tabs accordion toggle_style_1 has_scrolling\" style=\"--sections-title-size:inherit;--sections-gap:0.5rem;\"><div class=\"w-tabs-sections titles-align_none icon_chevron cpos_right\"><div class=\"w-tabs-section\" id=\"o6f9\"><button type=\"button\" class=\"w-tabs-section-header\" aria-controls=\"content-o6f9\" aria-expanded=\"false\"><div class=\"w-tabs-section-title\">Enfoques Pedag\u00f3gicos de la Ense\u00f1anza y el Aprendizaje<\/div><div class=\"w-tabs-section-control\"><\/div><\/button><div  class=\"w-tabs-section-content\" id=\"content-o6f9\"><div class=\"w-tabs-section-content-h i-cf\"><div class=\"wpb_text_column us_custom_8d5aa4e2\"><div class=\"wpb_wrapper\"><p>Una serie de talleres breves destinados a ayudar a los profesionales de la AEPI que trabajan con ni\u00f1os de 3 a 6 a\u00f1os a profundizar en su comprensi\u00f3n y planificaci\u00f3n de la impartici\u00f3n de programas de AEPI utilizando pr\u00e1cticas adecuadas al desarrollo.<\/p>\n<\/div><\/div><div class=\"w-iconbox iconpos_left style_default color_primary align_left no_title\"><div class=\"w-iconbox-icon\" style=\"font-size:2rem;\"><i class=\"fas fa-check-square\"><\/i><\/div><div class=\"w-iconbox-meta\"><div class=\"w-iconbox-text\"><p>En Internet<\/p>\n<\/div><\/div><\/div><div class=\"w-iconbox iconpos_left style_default color_primary align_left no_title\"><div class=\"w-iconbox-icon\" style=\"font-size:2rem;\"><i class=\"fas fa-check-square\"><\/i><\/div><div class=\"w-iconbox-meta\"><div class=\"w-iconbox-text\"><p>En persona<\/p>\n<\/div><\/div><\/div><div class=\"w-iconbox iconpos_left style_default color_primary align_left no_title\"><div class=\"w-iconbox-icon\" style=\"font-size:2rem;\"><i class=\"fas fa-check-square\"><\/i><\/div><div class=\"w-iconbox-meta\"><div class=\"w-iconbox-text\"><p>Particulares<\/p>\n<\/div><\/div><\/div><div class=\"w-iconbox iconpos_left style_default color_primary align_left no_title\"><div class=\"w-iconbox-icon\" style=\"font-size:2rem;\"><i class=\"fas fa-check-square\"><\/i><\/div><div class=\"w-iconbox-meta\"><div class=\"w-iconbox-text\"><p>Grupos<\/p>\n<\/div><\/div><\/div><\/div><\/div><\/div><div class=\"w-tabs-section\" id=\"o4ff\"><button type=\"button\" class=\"w-tabs-section-header\" aria-controls=\"content-o4ff\" aria-expanded=\"false\"><div class=\"w-tabs-section-title\">Evaluaci\u00f3n Formativa en los Primeros A\u00f1os<\/div><div class=\"w-tabs-section-control\"><\/div><\/button><div  class=\"w-tabs-section-content\" id=\"content-o4ff\"><div class=\"w-tabs-section-content-h i-cf\"><div class=\"wpb_text_column us_custom_8d5aa4e2\"><div class=\"wpb_wrapper\"><p>Un taller destinado a ayudar a los profesionales de la AEPI a profundizar en su comprensi\u00f3n y uso de las estrategias de evaluaci\u00f3n formativa para informar la planificaci\u00f3n y ejecuci\u00f3n de los programas de AEPI.<\/p>\n<\/div><\/div><div class=\"w-iconbox iconpos_left style_default color_primary align_left no_title\"><div class=\"w-iconbox-icon\" style=\"font-size:2rem;\"><i class=\"fas fa-check-square\"><\/i><\/div><div class=\"w-iconbox-meta\"><div class=\"w-iconbox-text\"><p>En Internet<\/p>\n<\/div><\/div><\/div><div class=\"w-iconbox iconpos_left style_default color_primary align_left no_title\"><div class=\"w-iconbox-icon\" style=\"font-size:2rem;\"><i class=\"fas fa-check-square\"><\/i><\/div><div class=\"w-iconbox-meta\"><div class=\"w-iconbox-text\"><p>En persona<\/p>\n<\/div><\/div><\/div><div class=\"w-iconbox iconpos_left style_default color_primary align_left no_title\"><div class=\"w-iconbox-icon\" style=\"font-size:2rem;\"><i class=\"fas fa-check-square\"><\/i><\/div><div class=\"w-iconbox-meta\"><div class=\"w-iconbox-text\"><p>Particulares<\/p>\n<\/div><\/div><\/div><div class=\"w-iconbox iconpos_left style_default color_primary align_left no_title\"><div class=\"w-iconbox-icon\" style=\"font-size:2rem;\"><i class=\"fas fa-check-square\"><\/i><\/div><div class=\"w-iconbox-meta\"><div class=\"w-iconbox-text\"><p>Grupos<\/p>\n<\/div><\/div><\/div><\/div><\/div><\/div><div class=\"w-tabs-section\" id=\"c30b\"><button type=\"button\" class=\"w-tabs-section-header\" aria-controls=\"content-c30b\" aria-expanded=\"false\"><div class=\"w-tabs-section-title\">El entorno de aprendizaje en los primeros a\u00f1os<\/div><div class=\"w-tabs-section-control\"><\/div><\/button><div  class=\"w-tabs-section-content\" id=\"content-c30b\"><div class=\"w-tabs-section-content-h i-cf\"><div class=\"wpb_text_column us_custom_8d5aa4e2\"><div class=\"wpb_wrapper\"><p>Un taller destinado a ayudar a los profesionales de la AEPI a profundizar en sus capacidades de planificaci\u00f3n y organizaci\u00f3n del entorno de aprendizaje para apoyar la ense\u00f1anza y el aprendizaje.<\/p>\n<\/div><\/div><div class=\"w-iconbox iconpos_left style_default color_primary align_left no_title\"><div class=\"w-iconbox-icon\" style=\"font-size:2rem;\"><i class=\"fas fa-check-square\"><\/i><\/div><div class=\"w-iconbox-meta\"><div class=\"w-iconbox-text\"><p>En Internet<\/p>\n<\/div><\/div><\/div><div class=\"w-iconbox iconpos_left style_default color_primary align_left no_title\"><div class=\"w-iconbox-icon\" style=\"font-size:2rem;\"><i class=\"fas fa-check-square\"><\/i><\/div><div class=\"w-iconbox-meta\"><div class=\"w-iconbox-text\"><p>En persona<\/p>\n<\/div><\/div><\/div><div class=\"w-iconbox iconpos_left style_default color_primary align_left no_title\"><div class=\"w-iconbox-icon\" style=\"font-size:2rem;\"><i class=\"fas fa-check-square\"><\/i><\/div><div class=\"w-iconbox-meta\"><div class=\"w-iconbox-text\"><p>Particulares<\/p>\n<\/div><\/div><\/div><div class=\"w-iconbox iconpos_left style_default color_primary align_left no_title\"><div class=\"w-iconbox-icon\" style=\"font-size:2rem;\"><i class=\"fas fa-check-square\"><\/i><\/div><div class=\"w-iconbox-meta\"><div class=\"w-iconbox-text\"><p>Grupos<\/p>\n<\/div><\/div><\/div><\/div><\/div><\/div><\/div><\/div><h6 class=\"w-text us_custom_0f8f44b7\"><span class=\"w-text-h\"><span class=\"w-text-value\">Para Dirigentes de la AEPI:<\/span><\/span><\/h6><div class=\"w-tabs accordion toggle_style_1 has_scrolling\" style=\"--sections-title-size:inherit;--sections-gap:0.5rem;\"><div class=\"w-tabs-sections titles-align_none icon_chevron cpos_right\"><div class=\"w-tabs-section\" id=\"b226\"><button type=\"button\" class=\"w-tabs-section-header\" aria-controls=\"content-b226\" aria-expanded=\"false\"><div class=\"w-tabs-section-title\">Liderazgo Pedag\u00f3gico y Estrat\u00e9gico en los Primeros A\u00f1os<\/div><div class=\"w-tabs-section-control\"><\/div><\/button><div  class=\"w-tabs-section-content\" id=\"content-b226\"><div class=\"w-tabs-section-content-h i-cf\"><div class=\"wpb_text_column us_custom_8d5aa4e2\"><div class=\"wpb_wrapper\"><p>Una serie de talleres destinados a ayudar a los directores de centros de educaci\u00f3n infantil a profundizar en sus conocimientos y mejorar sus aptitudes en materia de liderazgo pedag\u00f3gico y estrat\u00e9gico para mejorar la calidad de la ense\u00f1anza y el aprendizaje en sus centros.<\/p>\n<\/div><\/div><div class=\"w-iconbox iconpos_left style_default color_primary align_left no_title\"><div class=\"w-iconbox-icon\" style=\"font-size:2rem;\"><i class=\"fas fa-check-square\"><\/i><\/div><div class=\"w-iconbox-meta\"><div class=\"w-iconbox-text\"><p>En Internet<\/p>\n<\/div><\/div><\/div><div class=\"w-iconbox iconpos_left style_default color_primary align_left no_title\"><div class=\"w-iconbox-icon\" style=\"font-size:2rem;\"><i class=\"fas fa-check-square\"><\/i><\/div><div class=\"w-iconbox-meta\"><div class=\"w-iconbox-text\"><p>En persona<\/p>\n<\/div><\/div><\/div><div class=\"w-iconbox iconpos_left style_default color_custom align_left no_title\"><div class=\"w-iconbox-icon\" style=\"font-size:2rem;--icon-color:#de090c;\"><i class=\"fas fa-times-square\"><\/i><\/div><div class=\"w-iconbox-meta\"><div class=\"w-iconbox-text\"><p>Particulares<\/p>\n<\/div><\/div><\/div><div class=\"w-iconbox iconpos_left style_default color_primary align_left no_title\"><div class=\"w-iconbox-icon\" style=\"font-size:2rem;\"><i class=\"fas fa-check-square\"><\/i><\/div><div class=\"w-iconbox-meta\"><div class=\"w-iconbox-text\"><p>Grupos<\/p>\n<\/div><\/div><\/div><\/div><\/div><\/div><\/div><\/div><h6 class=\"w-text us_custom_0f8f44b7\"><span class=\"w-text-h\"><span class=\"w-text-value\">Para Dirigentes y Profesionales:<\/span><\/span><\/h6><div class=\"w-tabs accordion toggle_style_1 has_scrolling\" style=\"--sections-title-size:inherit;--sections-gap:0.5rem;\"><div class=\"w-tabs-sections titles-align_none icon_chevron cpos_right\"><div class=\"w-tabs-section\" id=\"g670\"><button type=\"button\" class=\"w-tabs-section-header\" aria-controls=\"content-g670\" aria-expanded=\"false\"><div class=\"w-tabs-section-title\">Desarrollo de la Primera Infancia<\/div><div class=\"w-tabs-section-control\"><\/div><\/button><div  class=\"w-tabs-section-content\" id=\"content-g670\"><div class=\"w-tabs-section-content-h i-cf\"><div class=\"wpb_text_column us_custom_8d5aa4e2\"><div class=\"wpb_wrapper\"><p>Un taller destinado a profundizar y desarrollar la comprensi\u00f3n de los participantes (ECD) sobre el desarrollo de la primera infancia, incluyendo el desarrollo cerebral temprano, los enfoques multisectoriales para apoyar el ECD y el impacto de la intervenci\u00f3n temprana de calidad.<\/p>\n<\/div><\/div><div class=\"w-iconbox iconpos_left style_default color_primary align_left no_title\"><div class=\"w-iconbox-icon\" style=\"font-size:2rem;\"><i class=\"fas fa-check-square\"><\/i><\/div><div class=\"w-iconbox-meta\"><div class=\"w-iconbox-text\"><p>En Internet<\/p>\n<\/div><\/div><\/div><div class=\"w-iconbox iconpos_left style_default color_primary align_left no_title\"><div class=\"w-iconbox-icon\" style=\"font-size:2rem;\"><i class=\"fas fa-check-square\"><\/i><\/div><div class=\"w-iconbox-meta\"><div class=\"w-iconbox-text\"><p>En persona<\/p>\n<\/div><\/div><\/div><div class=\"w-iconbox iconpos_left style_default color_custom align_left no_title\"><div class=\"w-iconbox-icon\" style=\"font-size:2rem;--icon-color:#de090c;\"><i class=\"fas fa-times-square\"><\/i><\/div><div class=\"w-iconbox-meta\"><div class=\"w-iconbox-text\"><p>Particulares<\/p>\n<\/div><\/div><\/div><div class=\"w-iconbox iconpos_left style_default color_primary align_left no_title\"><div class=\"w-iconbox-icon\" style=\"font-size:2rem;\"><i class=\"fas fa-check-square\"><\/i><\/div><div class=\"w-iconbox-meta\"><div class=\"w-iconbox-text\"><p>Grupos<\/p>\n<\/div><\/div><\/div><\/div><\/div><\/div><div class=\"w-tabs-section\" id=\"u1aa\"><button type=\"button\" class=\"w-tabs-section-header\" aria-controls=\"content-u1aa\" aria-expanded=\"false\"><div class=\"w-tabs-section-title\">Participaci\u00f3n de Padres, Cuidadores y Comunidad<\/div><div class=\"w-tabs-section-control\"><\/div><\/button><div  class=\"w-tabs-section-content\" id=\"content-u1aa\"><div class=\"w-tabs-section-content-h i-cf\"><div class=\"wpb_text_column us_custom_8d5aa4e2\"><div class=\"wpb_wrapper\"><p>Un taller destinado a profundizar en la comprensi\u00f3n de la importancia de la participaci\u00f3n de los padres, cuidadores y la comunidad, y c\u00f3mo abordar la planificaci\u00f3n y aplicaci\u00f3n de estrategias para la participaci\u00f3n.<\/p>\n<\/div><\/div><div class=\"w-iconbox iconpos_left style_default color_primary align_left no_title\"><div class=\"w-iconbox-icon\" style=\"font-size:2rem;\"><i class=\"fas fa-check-square\"><\/i><\/div><div class=\"w-iconbox-meta\"><div class=\"w-iconbox-text\"><p>En Internet<\/p>\n<\/div><\/div><\/div><div class=\"w-iconbox iconpos_left style_default color_primary align_left no_title\"><div class=\"w-iconbox-icon\" style=\"font-size:2rem;\"><i class=\"fas fa-check-square\"><\/i><\/div><div class=\"w-iconbox-meta\"><div class=\"w-iconbox-text\"><p>En persona<\/p>\n<\/div><\/div><\/div><div class=\"w-iconbox iconpos_left style_default color_custom align_left no_title\"><div class=\"w-iconbox-icon\" style=\"font-size:2rem;--icon-color:#de090c;\"><i class=\"fas fa-times-square\"><\/i><\/div><div class=\"w-iconbox-meta\"><div class=\"w-iconbox-text\"><p>Particulares<\/p>\n<\/div><\/div><\/div><div class=\"w-iconbox iconpos_left style_default color_primary align_left no_title\"><div class=\"w-iconbox-icon\" style=\"font-size:2rem;\"><i class=\"fas fa-check-square\"><\/i><\/div><div class=\"w-iconbox-meta\"><div class=\"w-iconbox-text\"><p>Grupos<\/p>\n<\/div><\/div><\/div><\/div><\/div><\/div><\/div><\/div><h6 class=\"w-text us_custom_0f8f44b7\"><span class=\"w-text-h\"><span class=\"w-text-value\">Para responsables de la toma de decisiones a nivel ministerial, pol\u00edtico y de alto nivel:<\/span><\/span><\/h6><div class=\"w-tabs accordion toggle_style_1 has_scrolling\" style=\"--sections-title-size:inherit;--sections-gap:0.5rem;\"><div class=\"w-tabs-sections titles-align_none icon_chevron cpos_right\"><div class=\"w-tabs-section\" id=\"mee2\"><button type=\"button\" class=\"w-tabs-section-header\" aria-controls=\"content-mee2\" aria-expanded=\"false\"><div class=\"w-tabs-section-title\">An\u00e1lisis de la Situaci\u00f3n de la AEPI; Recomendaciones Estrat\u00e9gicas y Pol\u00edticas<\/div><div class=\"w-tabs-section-control\"><\/div><\/button><div  class=\"w-tabs-section-content\" id=\"content-mee2\"><div class=\"w-tabs-section-content-h i-cf\"><div class=\"wpb_text_column us_custom_8d5aa4e2\"><div class=\"wpb_wrapper\"><p>Un taller introductorio que ofrece a los responsables pol\u00edticos y de la toma de decisiones de alto nivel la oportunidad de explorar el proceso de un an\u00e1lisis de la situaci\u00f3n de la AEPI a nivel nacional y las posibles recomendaciones estrat\u00e9gicas y pol\u00edticas que pueden derivarse del an\u00e1lisis de los resultados.<\/p>\n<\/div><\/div><div class=\"w-iconbox iconpos_left style_default color_primary align_left no_title\"><div class=\"w-iconbox-icon\" style=\"font-size:2rem;\"><i class=\"fas fa-check-square\"><\/i><\/div><div class=\"w-iconbox-meta\"><div class=\"w-iconbox-text\"><p>En Internet<\/p>\n<\/div><\/div><\/div><div class=\"w-iconbox iconpos_left style_default color_primary align_left no_title\"><div class=\"w-iconbox-icon\" style=\"font-size:2rem;\"><i class=\"fas fa-check-square\"><\/i><\/div><div class=\"w-iconbox-meta\"><div class=\"w-iconbox-text\"><p>En persona<\/p>\n<\/div><\/div><\/div><div class=\"w-iconbox iconpos_left style_default color_custom align_left no_title\"><div class=\"w-iconbox-icon\" style=\"font-size:2rem;--icon-color:#de090c;\"><i class=\"fas fa-times-square\"><\/i><\/div><div class=\"w-iconbox-meta\"><div class=\"w-iconbox-text\"><p>Particulares<\/p>\n<\/div><\/div><\/div><div class=\"w-iconbox iconpos_left style_default color_primary align_left no_title\"><div class=\"w-iconbox-icon\" style=\"font-size:2rem;\"><i class=\"fas fa-check-square\"><\/i><\/div><div class=\"w-iconbox-meta\"><div class=\"w-iconbox-text\"><p>Grupos<\/p>\n<\/div><\/div><\/div><\/div><\/div><\/div><\/div><\/div><h6 class=\"w-text us_custom_0f8f44b7\"><span class=\"w-text-h\"><span class=\"w-text-value\">Para Centros de EAPI:<\/span><\/span><\/h6><div class=\"w-tabs accordion toggle_style_1 has_scrolling\" style=\"--sections-title-size:inherit;--sections-gap:0.5rem;\"><div class=\"w-tabs-sections titles-align_none icon_chevron cpos_right\"><div class=\"w-tabs-section\" id=\"e7b5\"><button type=\"button\" class=\"w-tabs-section-header\" aria-controls=\"content-e7b5\" aria-expanded=\"false\"><div class=\"w-tabs-section-title\">Coaching y Tutor\u00eda<\/div><div class=\"w-tabs-section-control\"><\/div><\/button><div  class=\"w-tabs-section-content\" id=\"content-e7b5\"><div class=\"w-tabs-section-content-h i-cf\"><div class=\"wpb_text_column us_custom_8d5aa4e2\"><div class=\"wpb_wrapper\"><ul>\n<li>Observaci\u00f3n e informaci\u00f3n sobre la pr\u00e1ctica en el aula.<\/li>\n<li>Apoyo personalizado a los responsables de la AEPI<\/li>\n<\/ul>\n<p>Se ofrece tras la participaci\u00f3n en talleres.<\/p>\n<\/div><\/div><div class=\"w-iconbox iconpos_left style_default color_custom align_left no_title\"><div class=\"w-iconbox-icon\" style=\"font-size:2rem;--icon-color:#de090c;\"><i class=\"fas fa-times-square\"><\/i><\/div><div class=\"w-iconbox-meta\"><div class=\"w-iconbox-text\"><p>En Internet<\/p>\n<\/div><\/div><\/div><div class=\"w-iconbox iconpos_left style_default color_primary align_left no_title\"><div class=\"w-iconbox-icon\" style=\"font-size:2rem;\"><i class=\"fas fa-check-square\"><\/i><\/div><div class=\"w-iconbox-meta\"><div class=\"w-iconbox-text\"><p>En persona<\/p>\n<\/div><\/div><\/div><div class=\"w-iconbox iconpos_left style_default color_custom align_left no_title\"><div class=\"w-iconbox-icon\" style=\"font-size:2rem;--icon-color:#de090c;\"><i class=\"fas fa-times-square\"><\/i><\/div><div class=\"w-iconbox-meta\"><div class=\"w-iconbox-text\"><p>Particulares<\/p>\n<\/div><\/div><\/div><div class=\"w-iconbox iconpos_left style_default color_primary align_left no_title\"><div class=\"w-iconbox-icon\" style=\"font-size:2rem;\"><i class=\"fas fa-check-square\"><\/i><\/div><div class=\"w-iconbox-meta\"><div class=\"w-iconbox-text\"><p>Grupos<\/p>\n<\/div><\/div><\/div><\/div><\/div><\/div><\/div><\/div><div class=\"wpb_text_column us_custom_0f8f44b7\"><div class=\"wpb_wrapper\"><p>\u00bfNo encuentra lo que busca? P\u00f3ngase en contacto con nosotros, quiz\u00e1 podamos ayudarle.<\/p>\n<\/div><\/div><\/div><\/div><\/div><\/div><\/section><section class=\"l-section wpb_row us_custom_278d8c57 height_medium width_full\"><div class=\"l-section-h i-cf\"><div class=\"g-cols vc_row via_grid cols_1 laptops-cols_inherit tablets-cols_inherit mobiles-cols_1 valign_middle type_default stacking_default\" style=\"--columns-gap:0.5rem;\"><div class=\"wpb_column vc_column_container us_custom_f3caab44 has_bg_color\"><div class=\"vc_column-overlay\" style=\"background:rgba(0,0,0,0.56)\"><\/div><div class=\"vc_column-inner\"><h3 class=\"w-text us_custom_d44d8758 has_text_color\"><span class=\"w-text-h\"><span class=\"w-text-value\">P\u00f3ngase en Contacto<\/span><\/span><\/h3><div class=\"wpb_text_column us_custom_ae9a81f2 has_text_color\"><div class=\"wpb_wrapper\"><p>Para consultar las preguntas m\u00e1s frecuentes, visita nuestra secci\u00f3n de Preguntas frecuentes.<\/p>\n<p>O p\u00f3ngase en contacto con nosotros para hablar con nuestros Especialistas en Educaci\u00f3n Infantil y obtener m\u00e1s informaci\u00f3n. <\/p>\n<\/div><\/div><div class=\"w-hwrapper valign_top wrap us_custom_0f8f44b7 align_center\" style=\"--hwrapper-gap:1.2rem\"><div class=\"w-btn-wrapper align_none\"><a class=\"w-btn us-btn-style_1 icon_atright\" href=\"https:\/\/corinium-international.com\/faqs\/\"><span class=\"w-btn-label\">Preguntas frecuentes<\/span><i class=\"fas fa-chevron-right\"><\/i><\/a><\/div><div class=\"w-btn-wrapper align_none\"><a class=\"w-btn us-btn-style_1 icon_atright\" href=\"https:\/\/corinium-international.com\/contact-us\/\"><span class=\"w-btn-label\">Cont\u00e1ctenos<\/span><i class=\"fas fa-chevron-right\"><\/i><\/a><\/div><\/div><\/div><\/div><\/div><\/div><\/section>\n","protected":false},"excerpt":{"rendered":"Louise Ruskin is an education professional with thirty years\u2019 experience in the sector and is a specialist in the field of Early Childhood Care and Education (ECCE). Louise has worked and lived in several countries around the world including a decade throughout the GCC. She began her career as a primary school teacher in London...","protected":false},"author":1,"featured_media":0,"parent":1471,"menu_order":0,"comment_status":"closed","ping_status":"closed","template":"","meta":{"_acf_changed":false,"footnotes":""},"page-categories":[6],"class_list":["post-1480","page","type-page","status-publish","hentry","page-categories-bespoke-service"],"acf":[],"yoast_head":"<!-- This site is optimized with the Yoast SEO plugin v28.3 - https:\/\/yoast.com\/product\/yoast-seo-wordpress\/ -->\n<title>Especialistas en Educaci\u00f3n y Atenci\u00f3n a la Primera Infancia (EAPI) | CAS<\/title>\n<meta name=\"description\" content=\"Como especialistas en educaci\u00f3n infantil, reconocemos la importancia de las inversiones y la acci\u00f3n de los programas y servicios de AEPI en esta primera fase cr\u00edtica de la vida\" \/>\n<meta name=\"robots\" content=\"index, follow, max-snippet:-1, max-image-preview:large, max-video-preview:-1\" \/>\n<link rel=\"canonical\" href=\"https:\/\/corinium-international.com\/es\/servicios-especializados\/educacion-infantil\/\" \/>\n<meta property=\"og:locale\" content=\"es_ES\" \/>\n<meta property=\"og:type\" content=\"article\" \/>\n<meta property=\"og:title\" content=\"Especialistas en Educaci\u00f3n y Atenci\u00f3n a la Primera Infancia (EAPI) | CAS\" \/>\n<meta property=\"og:description\" content=\"Como especialistas en educaci\u00f3n infantil, reconocemos la importancia de las inversiones y la acci\u00f3n de los programas y servicios de AEPI en esta primera fase cr\u00edtica de la vida\" \/>\n<meta property=\"og:url\" content=\"https:\/\/corinium-international.com\/es\/servicios-especializados\/educacion-infantil\/\" \/>\n<meta property=\"og:site_name\" content=\"Corinium Academic Solutions\" \/>\n<meta property=\"article:modified_time\" content=\"2025-07-30T16:33:53+00:00\" \/>\n<meta name=\"twitter:card\" content=\"summary_large_image\" \/>\n<meta name=\"twitter:label1\" content=\"Tiempo de lectura\" \/>\n\t<meta name=\"twitter:data1\" content=\"13 minutos\" \/>\n<script type=\"application\/ld+json\" class=\"yoast-schema-graph\">{\"@context\":\"https:\\\/\\\/schema.org\",\"@graph\":[{\"@type\":\"WebPage\",\"@id\":\"https:\\\/\\\/corinium-international.com\\\/es\\\/servicios-especializados\\\/educacion-infantil\\\/\",\"url\":\"https:\\\/\\\/corinium-international.com\\\/es\\\/servicios-especializados\\\/educacion-infantil\\\/\",\"name\":\"Especialistas en Educaci\u00f3n y Atenci\u00f3n a la Primera Infancia (EAPI) | CAS\",\"isPartOf\":{\"@id\":\"https:\\\/\\\/corinium-international.com\\\/es\\\/#website\"},\"datePublished\":\"2024-11-13T10:03:30+00:00\",\"dateModified\":\"2025-07-30T16:33:53+00:00\",\"description\":\"Como especialistas en educaci\u00f3n infantil, reconocemos la importancia de las inversiones y la acci\u00f3n de los programas y servicios de AEPI en esta primera fase cr\u00edtica de la vida\",\"breadcrumb\":{\"@id\":\"https:\\\/\\\/corinium-international.com\\\/es\\\/servicios-especializados\\\/educacion-infantil\\\/#breadcrumb\"},\"inLanguage\":\"es\",\"potentialAction\":[{\"@type\":\"ReadAction\",\"target\":[\"https:\\\/\\\/corinium-international.com\\\/es\\\/servicios-especializados\\\/educacion-infantil\\\/\"]}]},{\"@type\":\"BreadcrumbList\",\"@id\":\"https:\\\/\\\/corinium-international.com\\\/es\\\/servicios-especializados\\\/educacion-infantil\\\/#breadcrumb\",\"itemListElement\":[{\"@type\":\"ListItem\",\"position\":1,\"name\":\"Home\",\"item\":\"https:\\\/\\\/corinium-international.com\\\/es\\\/inicio\\\/\"},{\"@type\":\"ListItem\",\"position\":2,\"name\":\"Servicios Especializados\",\"item\":\"https:\\\/\\\/corinium-international.com\\\/es\\\/?page_id=1471\"},{\"@type\":\"ListItem\",\"position\":3,\"name\":\"Educaci\u00f3n Infantil\"}]},{\"@type\":\"WebSite\",\"@id\":\"https:\\\/\\\/corinium-international.com\\\/es\\\/#website\",\"url\":\"https:\\\/\\\/corinium-international.com\\\/es\\\/\",\"name\":\"Corinium Academic Solutions\",\"description\":\"\",\"potentialAction\":[{\"@type\":\"SearchAction\",\"target\":{\"@type\":\"EntryPoint\",\"urlTemplate\":\"https:\\\/\\\/corinium-international.com\\\/es\\\/?s={search_term_string}\"},\"query-input\":{\"@type\":\"PropertyValueSpecification\",\"valueRequired\":true,\"valueName\":\"search_term_string\"}}],\"inLanguage\":\"es\"}]}<\/script>\n<!-- \/ Yoast SEO plugin. -->","yoast_head_json":{"title":"Especialistas en Educaci\u00f3n y Atenci\u00f3n a la Primera Infancia (EAPI) | CAS","description":"Como especialistas en educaci\u00f3n infantil, reconocemos la importancia de las inversiones y la acci\u00f3n de los programas y servicios de AEPI en esta primera fase cr\u00edtica de la vida","robots":{"index":"index","follow":"follow","max-snippet":"max-snippet:-1","max-image-preview":"max-image-preview:large","max-video-preview":"max-video-preview:-1"},"canonical":"https:\/\/corinium-international.com\/es\/servicios-especializados\/educacion-infantil\/","og_locale":"es_ES","og_type":"article","og_title":"Especialistas en Educaci\u00f3n y Atenci\u00f3n a la Primera Infancia (EAPI) | CAS","og_description":"Como especialistas en educaci\u00f3n infantil, reconocemos la importancia de las inversiones y la acci\u00f3n de los programas y servicios de AEPI en esta primera fase cr\u00edtica de la vida","og_url":"https:\/\/corinium-international.com\/es\/servicios-especializados\/educacion-infantil\/","og_site_name":"Corinium Academic Solutions","article_modified_time":"2025-07-30T16:33:53+00:00","twitter_card":"summary_large_image","twitter_misc":{"Tiempo de lectura":"13 minutos"},"schema":{"@context":"https:\/\/schema.org","@graph":[{"@type":"WebPage","@id":"https:\/\/corinium-international.com\/es\/servicios-especializados\/educacion-infantil\/","url":"https:\/\/corinium-international.com\/es\/servicios-especializados\/educacion-infantil\/","name":"Especialistas en Educaci\u00f3n y Atenci\u00f3n a la Primera Infancia (EAPI) | CAS","isPartOf":{"@id":"https:\/\/corinium-international.com\/es\/#website"},"datePublished":"2024-11-13T10:03:30+00:00","dateModified":"2025-07-30T16:33:53+00:00","description":"Como especialistas en educaci\u00f3n infantil, reconocemos la importancia de las inversiones y la acci\u00f3n de los programas y servicios de AEPI en esta primera fase cr\u00edtica de la vida","breadcrumb":{"@id":"https:\/\/corinium-international.com\/es\/servicios-especializados\/educacion-infantil\/#breadcrumb"},"inLanguage":"es","potentialAction":[{"@type":"ReadAction","target":["https:\/\/corinium-international.com\/es\/servicios-especializados\/educacion-infantil\/"]}]},{"@type":"BreadcrumbList","@id":"https:\/\/corinium-international.com\/es\/servicios-especializados\/educacion-infantil\/#breadcrumb","itemListElement":[{"@type":"ListItem","position":1,"name":"Home","item":"https:\/\/corinium-international.com\/es\/inicio\/"},{"@type":"ListItem","position":2,"name":"Servicios Especializados","item":"https:\/\/corinium-international.com\/es\/?page_id=1471"},{"@type":"ListItem","position":3,"name":"Educaci\u00f3n Infantil"}]},{"@type":"WebSite","@id":"https:\/\/corinium-international.com\/es\/#website","url":"https:\/\/corinium-international.com\/es\/","name":"Corinium Academic Solutions","description":"","potentialAction":[{"@type":"SearchAction","target":{"@type":"EntryPoint","urlTemplate":"https:\/\/corinium-international.com\/es\/?s={search_term_string}"},"query-input":{"@type":"PropertyValueSpecification","valueRequired":true,"valueName":"search_term_string"}}],"inLanguage":"es"}]}},"_links":{"self":[{"href":"https:\/\/corinium-international.com\/es\/wp-json\/wp\/v2\/pages\/1480","targetHints":{"allow":["GET"]}}],"collection":[{"href":"https:\/\/corinium-international.com\/es\/wp-json\/wp\/v2\/pages"}],"about":[{"href":"https:\/\/corinium-international.com\/es\/wp-json\/wp\/v2\/types\/page"}],"author":[{"embeddable":true,"href":"https:\/\/corinium-international.com\/es\/wp-json\/wp\/v2\/users\/1"}],"replies":[{"embeddable":true,"href":"https:\/\/corinium-international.com\/es\/wp-json\/wp\/v2\/comments?post=1480"}],"version-history":[{"count":6,"href":"https:\/\/corinium-international.com\/es\/wp-json\/wp\/v2\/pages\/1480\/revisions"}],"predecessor-version":[{"id":1638,"href":"https:\/\/corinium-international.com\/es\/wp-json\/wp\/v2\/pages\/1480\/revisions\/1638"}],"up":[{"embeddable":true,"href":"https:\/\/corinium-international.com\/es\/wp-json\/wp\/v2\/pages\/1471"}],"wp:attachment":[{"href":"https:\/\/corinium-international.com\/es\/wp-json\/wp\/v2\/media?parent=1480"}],"wp:term":[{"taxonomy":"page-categories","embeddable":true,"href":"https:\/\/corinium-international.com\/es\/wp-json\/wp\/v2\/page-categories?post=1480"}],"curies":[{"name":"wp","href":"https:\/\/api.w.org\/{rel}","templated":true}]}}