{"id":1472,"date":"2024-11-21T16:41:30","date_gmt":"2024-11-21T16:41:30","guid":{"rendered":"https:\/\/corinium-international.com\/bienestar-en-la-escuela\/"},"modified":"2025-07-30T21:54:16","modified_gmt":"2025-07-30T20:54:16","slug":"bienestar-en-la-escuela","status":"publish","type":"page","link":"https:\/\/corinium-international.com\/es\/servicios-especializados\/bienestar-en-la-escuela\/","title":{"rendered":"Bienestar en la Escuela"},"content":{"rendered":"<section class=\"l-section wpb_row us_custom_5d536e90 height_huge\"><div class=\"l-section-overlay\" style=\"background:rgba(0,0,0,0.45)\"><\/div><div class=\"l-section-h i-cf\"><div class=\"g-cols vc_row via_grid cols_2 laptops-cols_inherit tablets-cols_inherit mobiles-cols_1 valign_top type_default stacking_default\" style=\"--columns-gap:3rem;--laptops-columns-gap:3rem;--tablets-columns-gap:3rem;--mobiles-columns-gap:0rem;\"><div class=\"wpb_column vc_column_container\"><div class=\"vc_column-inner\"><h1 class=\"w-text us_custom_5ad77908 has_text_color\"><span class=\"w-text-h\"><span class=\"w-text-value\">Atenci\u00f3n Pastoral, Protecci\u00f3n y Bienestar en las Escuelas<\/span><\/span><\/h1><\/div><\/div><div class=\"wpb_column vc_column_container us_custom_b87f930e\"><div class=\"vc_column-inner\"><\/div><\/div><\/div><\/div><\/section><section class=\"l-section wpb_row us_custom_21b9c38a height_small\"><div class=\"l-section-h i-cf\"><div class=\"g-cols vc_row via_grid cols_1 laptops-cols_inherit tablets-cols_inherit mobiles-cols_1 valign_top type_default stacking_default\"><div class=\"wpb_column vc_column_container\"><div class=\"vc_column-inner\"><nav class=\"g-breadcrumbs us_custom_84f5aaec separator_icon align_left\" itemscope itemtype=\"http:\/\/schema.org\/BreadcrumbList\"><div class=\"g-breadcrumbs-item\" itemscope itemprop=\"itemListElement\" itemtype=\"http:\/\/schema.org\/ListItem\"><a itemprop=\"item\" href=\"https:\/\/corinium-international.com\/es\/\"><span itemprop=\"name\">Inicio<\/span><\/a><meta itemprop=\"position\" content=\"1\"\/><\/div><div class=\"g-breadcrumbs-separator\"><i class=\"far fa-angle-right\"><\/i><\/div><div aria-current=\"page\" class=\"g-breadcrumbs-item\" itemscope itemprop=\"itemListElement\" itemtype=\"http:\/\/schema.org\/ListItem\"><span itemprop=\"name\">P\u00e1ginas<\/span><meta itemprop=\"position\" content=\"2\"\/><\/div><\/nav><\/div><\/div><\/div><\/div><\/section><section class=\"l-section wpb_row us_custom_887a049b height_medium\" id=\"details\"><div class=\"l-section-h i-cf\"><div class=\"g-cols vc_row via_grid cols_3-1 laptops-cols_inherit tablets-cols_inherit mobiles-cols_1 valign_top type_default stacking_default\"><div class=\"wpb_column vc_column_container\"><div class=\"vc_column-inner\"><h2 class=\"w-text us_custom_cfb2a71a\"><span class=\"w-text-h\"><span class=\"w-text-value\">El Bienestar en la Escuela: Una Responsabilidad Compartida<\/span><\/span><\/h2><div class=\"w-separator us_custom_1d2809b7 size_custom\" style=\"height:2px\"><\/div><div class=\"wpb_text_column\"><div class=\"wpb_wrapper\"><p>Apoyar el bienestar del personal y de los alumnos es un esfuerzo colectivo, y los cursos de desarrollo profesional que ofrezco est\u00e1n dise\u00f1ados para personas de todos los niveles y funciones en la educaci\u00f3n. Estos programas pretenden desarrollar conocimientos y habilidades que permitan dar una respuesta unificada y eficaz a las diversas necesidades de su comunidad escolar. Tanto si usted es miembro del Equipo Directivo Superior, del Equipo Directivo Intermedio, Profesor, Auxiliar Educativo, Consejero, Enfermero, Responsable de Bienestar o de Protecci\u00f3n, mi entrenamiento ofrece un desarrollo profesional de alta calidad, basado en la investigaci\u00f3n y la experiencia, adaptado a sus necesidades.  <\/p>\n<p>Gracias a treinta a\u00f1os de experiencia trabajando en el extranjero como Profesora, Orientadora y Instructora Terap\u00e9utica en escuelas locales e internacionales, entiendo c\u00f3mo un apoyo bien informado puede conducir a mejores resultados. Los cursos y talleres que ofrezco reflejan las necesidades de las comunidades escolares modernas y son flexibles para adaptarlos a\u00fan m\u00e1s a cualquier contexto espec\u00edfico. Desde profundizar conocimientos hasta desarrollar habilidades pr\u00e1cticas, estas oportunidades de DPC est\u00e1n dise\u00f1adas para capacitar a los profesionales de la educaci\u00f3n en todos los niveles. Los retos y objetivos exclusivos de su centro educativo son la base de mi trabajo, y me comprometo a dise\u00f1ar experiencias de aprendizaje significativas, impactantes y alineadas con sus necesidades.   <\/p>\n<\/div><\/div><\/div><\/div><div class=\"wpb_column vc_column_container\"><div class=\"vc_column-inner\"><div class=\"w-grid us_grid type_grid layout_298 cols_1 preload_style_spinner open_items_in_popup\" id=\"us_grid_1\" style=\"--columns:1;--gap:1.5rem;\"><style>.layout_298 .w-grid-item-h{box-shadow:0 0.05rem 0.1rem rgba(0,0,0,0.1),0 0.17rem 0.5rem rgba(0,0,0,0.1);transition-duration:0.3s}.no-touch .layout_298 .w-grid-item-h:hover{box-shadow:0 0.08rem 0.16rem rgba(0,0,0,0.1),0 0.27rem 0.8rem rgba(0,0,0,0.15);z-index:4}.layout_298 .usg_post_image_1{margin-bottom:0!important;position:relative!important}.layout_298 .usg_post_title_1{font-size:20px!important;line-height:30px!important;font-weight:500!important;padding:1em 1em 0.2em 1em!important;margin:0 0 10px 0!important}.layout_298 .usg_post_custom_field_1{margin-bottom:20px!important;padding-left:1.2em!important;padding-right:1.2em!important}.layout_298 .usg_text_1{color:#000000!important;font-size:15px!important;line-height:12px!important;width:30px!important;height:30px!important;border-radius:100%!important;position:absolute!important;top:10px!important;right:10px!important;padding:10px!important;background:#ffffff!important;box-shadow:0 0 10px 0 rgba(0,0,0,0.25)!important}<\/style><div class=\"w-grid-list\">\t<article class=\"w-grid-item size_1x1 post-277 person type-person status-publish has-post-thumbnail hentry\" data-id=\"277\">\r\n\t\t<div class=\"w-grid-item-h\">\r\n\t\t\t\t\t\t\t<a href=\"https:\/\/corinium-international.com\/es\/person\/cathy-swords\/\" class=\"w-grid-item-anchor\" aria-label=\"Kathy Swords BACP, EMCC\"><\/a>\r\n\t\t\t\t\t\t<div class=\"w-post-elm post_image usg_post_image_1 has_ratio\"><img loading=\"lazy\" decoding=\"async\" width=\"786\" height=\"1024\" src=\"https:\/\/corinium-international.com\/wp-content\/uploads\/2024\/09\/cathy-pic-786x1024.jpg\" class=\"attachment-large size-large wp-post-image\" alt=\"Cathy - Pastoral Care, Safeguarding &amp; Wellbeing in Schools\" \/><div style=\"padding-bottom:100%\"><\/div><\/div><div class=\"w-text usg_text_1 has_text_color no_text icon_atleft\"><span class=\"w-text-h\"><i class=\"far fa-plus\"><\/i><span class=\"w-text-value\"><\/span><\/span><\/div><h3 class=\"w-post-elm post_title usg_post_title_1 color_link_inherit\">Kathy Swords BACP, EMCC<\/h3><div class=\"w-post-elm post_custom_field usg_post_custom_field_1 type_text role color_link_inherit\"><span class=\"w-post-elm-value\">Wellbeing Consultant<\/span><\/div>\t\t<\/div>\r\n\t\t\t<\/article>\r\n<\/div>\t<div class=\"w-grid-preloader\">\r\n\t\t<div class=\"g-preloader type_1\">\r\n\t\t\t<div><\/div>\r\n\t\t<\/div>\r\n\t<\/div>\r\n\t\t<div class=\"w-grid-json hidden\" onclick='return {&quot;action&quot;:&quot;us_ajax_grid&quot;,&quot;infinite_scroll&quot;:0,&quot;max_num_pages&quot;:1,&quot;pagination&quot;:&quot;none&quot;,&quot;template_vars&quot;:{&quot;columns&quot;:&quot;1&quot;,&quot;exclude_items&quot;:&quot;none&quot;,&quot;img_size&quot;:&quot;default&quot;,&quot;ignore_items_size&quot;:0,&quot;items_layout&quot;:&quot;298&quot;,&quot;items_offset&quot;:&quot;1&quot;,&quot;load_animation&quot;:&quot;none&quot;,&quot;overriding_link&quot;:&quot;%7B%22type%22%3A%22popup_post%22%7D&quot;,&quot;post_id&quot;:0,&quot;query_args&quot;:{&quot;ignore_sticky_posts&quot;:1,&quot;post_type&quot;:&quot;any&quot;,&quot;post__in&quot;:[&quot;277&quot;],&quot;posts_per_page&quot;:&quot;1&quot;},&quot;orderby_query_args&quot;:{&quot;orderby&quot;:{&quot;post__in&quot;:&quot;ASC&quot;},&quot;order&quot;:&quot;ASC&quot;},&quot;type&quot;:&quot;grid&quot;,&quot;us_grid_post_type&quot;:&quot;ids&quot;,&quot;us_grid_ajax_index&quot;:1,&quot;us_grid_filter_query_string&quot;:null,&quot;us_grid_index&quot;:1,&quot;page_args&quot;:[],&quot;lang&quot;:&quot;es&quot;}}'><\/div>\r\n\t<div class=\"l-popup\">\r\n\t<div class=\"l-popup-overlay\"><\/div>\r\n\t<div class=\"l-popup-wrap\">\r\n\t\t<button class=\"l-popup-closer\" type=\"button\" aria-label=\"Cerrar\"><\/button>\r\n\t\t\t\t\t<button class=\"l-popup-arrow to_prev hidden\" type=\"button\" title=\"Previous\"><\/button>\r\n\t\t\t<button class=\"l-popup-arrow to_next hidden\" type=\"button\" title=\"Siguiente\"><\/button>\r\n\t\t\t\t<div class=\"l-popup-box\">\r\n\t\t\t<div class=\"l-popup-box-content\">\r\n\t\t\t\t<div class=\"g-preloader type_1\">\r\n\t\t\t\t\t<div><\/div>\r\n\t\t\t\t<\/div>\r\n\t\t\t\t<iframe class=\"l-popup-box-content-frame\" allowfullscreen><\/iframe>\r\n\t\t\t<\/div>\r\n\t\t<\/div>\r\n\t<\/div>\r\n<\/div>\r\n<\/div><\/div><\/div><\/div><\/div><\/section><section class=\"l-section wpb_row height_medium\"><div class=\"l-section-h i-cf\"><div class=\"g-cols vc_row via_grid cols_1 laptops-cols_inherit tablets-cols_inherit mobiles-cols_1 valign_top type_default stacking_default\"><div class=\"wpb_column vc_column_container\"><div class=\"vc_column-inner\"><h2 class=\"w-text\"><span class=\"w-text-h\"><span class=\"w-text-value\">Oportunidades de Desarrollo Profesional<\/span><\/span><\/h2><div class=\"w-separator us_custom_1d2809b7 size_custom\" style=\"height:2px\"><\/div><div class=\"wpb_text_column us_custom_8d5aa4e2\"><div class=\"wpb_wrapper\"><p>A continuaci\u00f3n encontrar\u00e1 ejemplos de oportunidades de desarrollo profesional disponibles para la atenci\u00f3n pastoral. Juntos, podemos garantizar que todo el mundo est\u00e9 equipado con los conocimientos y herramientas necesarias para fomentar un entorno escolar pr\u00f3spero y resistente <\/p>\n<\/div><\/div><div class=\"wpb_text_column us_custom_8d5aa4e2\"><div class=\"wpb_wrapper\"><h6><em>Audiencia<\/em>: Todo el personal<\/h6>\n<\/div><\/div><div class=\"w-tabs accordion toggle_style_1 has_scrolling\" style=\"--sections-title-size:inherit;--sections-gap:0.5rem;\"><div class=\"w-tabs-sections titles-align_none icon_chevron cpos_right\"><div class=\"w-tabs-section\" id=\"x324\"><button type=\"button\" class=\"w-tabs-section-header\" aria-controls=\"content-x324\" aria-expanded=\"false\"><div class=\"w-tabs-section-title\">Bienestar en la escuela: Apoyo a ni\u00f1os y j\u00f3venes<\/div><div class=\"w-tabs-section-control\"><\/div><\/button><div  class=\"w-tabs-section-content\" id=\"content-x324\"><div class=\"w-tabs-section-content-h i-cf\"><div class=\"wpb_text_column us_custom_8d5aa4e2\"><div class=\"wpb_wrapper\"><p>Un taller que le ayudar\u00e1 a desarrollar una comprensi\u00f3n global de los cambios f\u00edsicos, emocionales, cognitivos y sociales que repercuten en el bienestar de los alumnos. Aprender\u00e1 estrategias para comprometerte de forma significativa con los estudiantes, utilizando la empat\u00eda, la escucha activa y enfoques culturalmente sensibles para generar confianza y habilidades para desarrollar un nivel de atenci\u00f3n y capacidad de respuesta que satisfaga las necesidades de los estudiantes.<\/p>\n<\/div><\/div><div class=\"w-iconbox us_custom_eb849559 iconpos_left style_default color_primary align_left no_title\"><div class=\"w-iconbox-icon\" style=\"font-size:2rem;\"><i class=\"fas fa-check-square\"><\/i><\/div><div class=\"w-iconbox-meta\"><div class=\"w-iconbox-text\"><p><strong>En Internet<\/strong><\/p>\n<\/div><\/div><\/div><div class=\"w-iconbox iconpos_left style_default color_primary align_left no_title\"><div class=\"w-iconbox-icon\" style=\"font-size:2rem;\"><i class=\"fas fa-check-square\"><\/i><\/div><div class=\"w-iconbox-meta\"><div class=\"w-iconbox-text\"><p><strong>En persona<\/strong><\/p>\n<\/div><\/div><\/div><div class=\"w-iconbox iconpos_left style_default color_primary align_left no_title\"><div class=\"w-iconbox-icon\" style=\"font-size:2rem;\"><i class=\"fas fa-check-square\"><\/i><\/div><div class=\"w-iconbox-meta\"><div class=\"w-iconbox-text\"><p><strong>Particulares<\/strong><\/p>\n<\/div><\/div><\/div><div class=\"w-iconbox iconpos_left style_default color_primary align_left no_title\"><div class=\"w-iconbox-icon\" style=\"font-size:2rem;\"><i class=\"fas fa-check-square\"><\/i><\/div><div class=\"w-iconbox-meta\"><div class=\"w-iconbox-text\"><p><strong>Grupos<\/strong><\/p>\n<\/div><\/div><\/div><\/div><\/div><\/div><div class=\"w-tabs-section\" id=\"w55e\"><button type=\"button\" class=\"w-tabs-section-header\" aria-controls=\"content-w55e\" aria-expanded=\"false\"><div class=\"w-tabs-section-title\">Comprender y Apoyar a los J\u00f3venes con Ansiedad<\/div><div class=\"w-tabs-section-control\"><\/div><\/button><div  class=\"w-tabs-section-content\" id=\"content-w55e\"><div class=\"w-tabs-section-content-h i-cf\"><div class=\"wpb_text_column us_custom_8d5aa4e2\"><div class=\"wpb_wrapper\"><p>Una serie de talleres que le ayudar\u00e1n a comprender mejor qu\u00e9 es la ansiedad, sus fundamentos biol\u00f3gicos y psicol\u00f3gicos, y c\u00f3mo se manifiesta en nuestros pensamientos, sentimientos y comportamientos. El taller le ayudar\u00e1 a distinguir entre el estr\u00e9s normal o la ansiedad situacional y las formas m\u00e1s generalizadas y cl\u00ednicas de ansiedad que requieren intervenci\u00f3n profesional. <\/p>\n<p>Por \u00faltimo, desarrollar\u00e1 y aplicar\u00e1 estrategias pr\u00e1cticas para crear un entorno de apoyo en el aula, incluyendo ajustes en los m\u00e9todos de ense\u00f1anza, las rutinas y los estilos de comunicaci\u00f3n para reducir los desencadenantes de la ansiedad.<\/p>\n<\/div><\/div><div class=\"w-iconbox us_custom_eb849559 iconpos_left style_default color_primary align_left no_title\"><div class=\"w-iconbox-icon\" style=\"font-size:2rem;\"><i class=\"fas fa-check-square\"><\/i><\/div><div class=\"w-iconbox-meta\"><div class=\"w-iconbox-text\"><p><strong>En Internet<\/strong><\/p>\n<\/div><\/div><\/div><div class=\"w-iconbox iconpos_left style_default color_primary align_left no_title\"><div class=\"w-iconbox-icon\" style=\"font-size:2rem;\"><i class=\"fas fa-check-square\"><\/i><\/div><div class=\"w-iconbox-meta\"><div class=\"w-iconbox-text\"><p><strong>En persona<\/strong><\/p>\n<\/div><\/div><\/div><div class=\"w-iconbox iconpos_left style_default color_primary align_left no_title\"><div class=\"w-iconbox-icon\" style=\"font-size:2rem;\"><i class=\"fas fa-check-square\"><\/i><\/div><div class=\"w-iconbox-meta\"><div class=\"w-iconbox-text\"><p><strong>Particulares<\/strong><\/p>\n<\/div><\/div><\/div><div class=\"w-iconbox iconpos_left style_default color_primary align_left no_title\"><div class=\"w-iconbox-icon\" style=\"font-size:2rem;\"><i class=\"fas fa-check-square\"><\/i><\/div><div class=\"w-iconbox-meta\"><div class=\"w-iconbox-text\"><p><strong>Grupos<\/strong><\/p>\n<\/div><\/div><\/div><\/div><\/div><\/div><div class=\"w-tabs-section\" id=\"t781\"><button type=\"button\" class=\"w-tabs-section-header\" aria-controls=\"content-t781\" aria-expanded=\"false\"><div class=\"w-tabs-section-title\">Comprender el Desarrollo de los Adolescentes<\/div><div class=\"w-tabs-section-control\"><\/div><\/button><div  class=\"w-tabs-section-content\" id=\"content-t781\"><div class=\"w-tabs-section-content-h i-cf\"><div class=\"wpb_text_column us_custom_8d5aa4e2\"><div class=\"wpb_wrapper\"><p>Un taller para ayudarte a desarrollar una comprensi\u00f3n global de los cambios f\u00edsicos, emocionales, cognitivos y sociales que se producen durante la adolescencia y su impacto en el bienestar de los alumnos. Usted ser\u00e1 capaz de reconocer las primeras se\u00f1ales de advertencia de problemas de salud mental, y c\u00f3mo responder eficazmente para apoyar a los estudiantes.<\/p>\n<\/div><\/div><div class=\"w-iconbox us_custom_eb849559 iconpos_left style_default color_primary align_left no_title\"><div class=\"w-iconbox-icon\" style=\"font-size:2rem;\"><i class=\"fas fa-check-square\"><\/i><\/div><div class=\"w-iconbox-meta\"><div class=\"w-iconbox-text\"><p><strong>En Internet<\/strong><\/p>\n<\/div><\/div><\/div><div class=\"w-iconbox iconpos_left style_default color_primary align_left no_title\"><div class=\"w-iconbox-icon\" style=\"font-size:2rem;\"><i class=\"fas fa-check-square\"><\/i><\/div><div class=\"w-iconbox-meta\"><div class=\"w-iconbox-text\"><p><strong>En persona<\/strong><\/p>\n<\/div><\/div><\/div><div class=\"w-iconbox iconpos_left style_default color_primary align_left no_title\"><div class=\"w-iconbox-icon\" style=\"font-size:2rem;\"><i class=\"fas fa-check-square\"><\/i><\/div><div class=\"w-iconbox-meta\"><div class=\"w-iconbox-text\"><p><strong>Particulares<\/strong><\/p>\n<\/div><\/div><\/div><div class=\"w-iconbox iconpos_left style_default color_primary align_left no_title\"><div class=\"w-iconbox-icon\" style=\"font-size:2rem;\"><i class=\"fas fa-check-square\"><\/i><\/div><div class=\"w-iconbox-meta\"><div class=\"w-iconbox-text\"><p><strong>Grupos<\/strong><\/p>\n<\/div><\/div><\/div><\/div><\/div><\/div><div class=\"w-tabs-section\" id=\"pa1d\"><button type=\"button\" class=\"w-tabs-section-header\" aria-controls=\"content-pa1d\" aria-expanded=\"false\"><div class=\"w-tabs-section-title\">Fomentar transiciones m\u00e1s saludables: estrategias de apoyo a los j\u00f3venes que se desplazan.<\/div><div class=\"w-tabs-section-control\"><\/div><\/button><div  class=\"w-tabs-section-content\" id=\"content-pa1d\"><div class=\"w-tabs-section-content-h i-cf\"><div class=\"wpb_text_column us_custom_8d5aa4e2\"><div class=\"wpb_wrapper\"><p>Una serie de talleres para ayudarle a comprender qu\u00e9 es la transici\u00f3n y c\u00f3mo puede afectar a la salud mental y el bienestar. Comprender\u00e1 los factores que afectan a la transici\u00f3n, incluso las mudanzas turbulentas. <\/p>\n<p>Se dedicar\u00e1 tiempo a explorar las distintas Edades y Etapas de la Transici\u00f3n, el Ciclo de Transici\u00f3n y la Curva de Adaptaci\u00f3n. Exploraremos una serie de fases de transici\u00f3n, como el paso a la escuela superior, la entrada y salida de la escuela, el paso a la universidad (nacional y extranjera). Por \u00faltimo, usted ser\u00e1 capaz de dotar a los alumnos de un modelo de trabajo, consejos pr\u00e1cticos y habilidades para fomentar el \u00e9xito de las transiciones.<\/p>\n<\/div><\/div><div class=\"w-iconbox us_custom_eb849559 iconpos_left style_default color_primary align_left no_title\"><div class=\"w-iconbox-icon\" style=\"font-size:2rem;\"><i class=\"fas fa-check-square\"><\/i><\/div><div class=\"w-iconbox-meta\"><div class=\"w-iconbox-text\"><p><strong>En Internet<\/strong><\/p>\n<\/div><\/div><\/div><div class=\"w-iconbox iconpos_left style_default color_primary align_left no_title\"><div class=\"w-iconbox-icon\" style=\"font-size:2rem;\"><i class=\"fas fa-check-square\"><\/i><\/div><div class=\"w-iconbox-meta\"><div class=\"w-iconbox-text\"><p><strong>En persona<\/strong><\/p>\n<\/div><\/div><\/div><div class=\"w-iconbox iconpos_left style_default color_primary align_left no_title\"><div class=\"w-iconbox-icon\" style=\"font-size:2rem;\"><i class=\"fas fa-check-square\"><\/i><\/div><div class=\"w-iconbox-meta\"><div class=\"w-iconbox-text\"><p><strong>Particulares<\/strong><\/p>\n<\/div><\/div><\/div><div class=\"w-iconbox iconpos_left style_default color_primary align_left no_title\"><div class=\"w-iconbox-icon\" style=\"font-size:2rem;\"><i class=\"fas fa-check-square\"><\/i><\/div><div class=\"w-iconbox-meta\"><div class=\"w-iconbox-text\"><p><strong>Grupos<\/strong><\/p>\n<\/div><\/div><\/div><\/div><\/div><\/div><\/div><\/div><div class=\"wpb_text_column us_custom_b4c0c321\"><div class=\"wpb_wrapper\"><h6><em>Audiencia<\/em>: Consejeros escolares<\/h6>\n<\/div><\/div><div class=\"w-tabs accordion toggle_style_1 has_scrolling\" style=\"--sections-title-size:inherit;--sections-gap:0.5rem;\"><div class=\"w-tabs-sections titles-align_none icon_chevron cpos_right\"><div class=\"w-tabs-section\" id=\"db94\"><button type=\"button\" class=\"w-tabs-section-header\" aria-controls=\"content-db94\" aria-expanded=\"false\"><div class=\"w-tabs-section-title\">Implantaci\u00f3n de un programa eficaz de orientaci\u00f3n escolar<\/div><div class=\"w-tabs-section-control\"><\/div><\/button><div  class=\"w-tabs-section-content\" id=\"content-db94\"><div class=\"w-tabs-section-content-h i-cf\"><div class=\"wpb_text_column us_custom_8d5aa4e2\"><div class=\"wpb_wrapper\"><p>Una serie de talleres de DPC para desarrollar un plan claro para establecer un departamento de asesoramiento escolar, incluida la definici\u00f3n de su visi\u00f3n, el establecimiento de objetivos y su alineaci\u00f3n con la misi\u00f3n y los objetivos generales de la escuela.<\/p>\n<p>Comprensi\u00f3n del papel del asesoramiento en las escuelas. Usted ser\u00e1 capaz de crear pol\u00edticas, procedimientos y definiciones de funciones claras que apoyen el buen funcionamiento del departamento de orientaci\u00f3n, garantizando normas \u00e9ticas, confidencialidad y una colaboraci\u00f3n eficaz con el personal, los alumnos y los padres. Aprender\u00e1 a colaborar con los profesores, los padres y la direcci\u00f3n del centro para crear una cultura escolar positiva que d\u00e9 prioridad al bienestar de los alumnos e integre los servicios de orientaci\u00f3n sin fisuras en el ecosistema escolar.<\/p>\n<\/div><\/div><div class=\"w-iconbox us_custom_eb849559 iconpos_left style_default color_custom align_left no_title\"><div class=\"w-iconbox-icon\" style=\"font-size:2rem;--icon-color:#de090c;--icon-bg-color:#de090c;\"><i class=\"fas fa-times-square\"><\/i><\/div><div class=\"w-iconbox-meta\"><div class=\"w-iconbox-text\"><p><strong>En Internet<\/strong><\/p>\n<\/div><\/div><\/div><div class=\"w-iconbox iconpos_left style_default color_primary align_left no_title\"><div class=\"w-iconbox-icon\" style=\"font-size:2rem;\"><i class=\"fas fa-check-square\"><\/i><\/div><div class=\"w-iconbox-meta\"><div class=\"w-iconbox-text\"><p><strong>En persona<\/strong><\/p>\n<\/div><\/div><\/div><div class=\"w-iconbox iconpos_left style_default color_primary align_left no_title\"><div class=\"w-iconbox-icon\" style=\"font-size:2rem;\"><i class=\"fas fa-check-square\"><\/i><\/div><div class=\"w-iconbox-meta\"><div class=\"w-iconbox-text\"><p><strong>Particulares<\/strong><\/p>\n<\/div><\/div><\/div><div class=\"w-iconbox iconpos_left style_default color_primary align_left no_title\"><div class=\"w-iconbox-icon\" style=\"font-size:2rem;\"><i class=\"fas fa-check-square\"><\/i><\/div><div class=\"w-iconbox-meta\"><div class=\"w-iconbox-text\"><p><strong>Grupos<\/strong><\/p>\n<\/div><\/div><\/div><\/div><\/div><\/div><div class=\"w-tabs-section\" id=\"n447\"><button type=\"button\" class=\"w-tabs-section-header\" aria-controls=\"content-n447\" aria-expanded=\"false\"><div class=\"w-tabs-section-title\">Desarrollar su conjunto de herramientas de orientaci\u00f3n escolar<\/div><div class=\"w-tabs-section-control\"><\/div><\/button><div  class=\"w-tabs-section-content\" id=\"content-n447\"><div class=\"w-tabs-section-content-h i-cf\"><div class=\"wpb_text_column us_custom_8d5aa4e2\"><div class=\"wpb_wrapper\"><p>Este taller altamente interactivo mostrar\u00e1 una serie de intervenciones adecuadas para asesorar a los j\u00f3venes en las escuelas. Bas\u00e1ndose en la teor\u00eda y utilizando t\u00e9cnicas creativas cuando sea pertinente, tendr\u00e1 la oportunidad de practicar t\u00e9cnicas y compartir algunas que utilice en su propia pr\u00e1ctica. El objetivo es crear un amplio conjunto de herramientas que mejoren la pr\u00e1ctica.<\/p>\n<\/div><\/div><div class=\"w-iconbox us_custom_eb849559 iconpos_left style_default color_custom align_left no_title\"><div class=\"w-iconbox-icon\" style=\"font-size:2rem;--icon-color:#de090c;--icon-bg-color:#de090c;\"><i class=\"fas fa-times-square\"><\/i><\/div><div class=\"w-iconbox-meta\"><div class=\"w-iconbox-text\"><p><strong>En Internet<\/strong><\/p>\n<\/div><\/div><\/div><div class=\"w-iconbox iconpos_left style_default color_primary align_left no_title\"><div class=\"w-iconbox-icon\" style=\"font-size:2rem;\"><i class=\"fas fa-check-square\"><\/i><\/div><div class=\"w-iconbox-meta\"><div class=\"w-iconbox-text\"><p><strong>En persona<\/strong><\/p>\n<\/div><\/div><\/div><div class=\"w-iconbox iconpos_left style_default color_primary align_left no_title\"><div class=\"w-iconbox-icon\" style=\"font-size:2rem;\"><i class=\"fas fa-check-square\"><\/i><\/div><div class=\"w-iconbox-meta\"><div class=\"w-iconbox-text\"><p><strong>Particulares<\/strong><\/p>\n<\/div><\/div><\/div><div class=\"w-iconbox iconpos_left style_default color_primary align_left no_title\"><div class=\"w-iconbox-icon\" style=\"font-size:2rem;\"><i class=\"fas fa-check-square\"><\/i><\/div><div class=\"w-iconbox-meta\"><div class=\"w-iconbox-text\"><p><strong>Grupos<\/strong><\/p>\n<\/div><\/div><\/div><\/div><\/div><\/div><\/div><\/div><div class=\"wpb_text_column us_custom_b4c0c321\"><div class=\"wpb_wrapper\"><h6><em>Audiencia<\/em>: Consejeros, Entrenadores, L\u00edderes del Bienestar<\/h6>\n<\/div><\/div><div class=\"w-tabs accordion toggle_style_1 has_scrolling\" style=\"--sections-title-size:inherit;--sections-gap:0.5rem;\"><div class=\"w-tabs-sections titles-align_none icon_chevron cpos_right\"><div class=\"w-tabs-section\" id=\"e8fb\"><button type=\"button\" class=\"w-tabs-section-header\" aria-controls=\"content-e8fb\" aria-expanded=\"false\"><div class=\"w-tabs-section-title\">El papel del Coaching Terap\u00e9utico en la Escuela<\/div><div class=\"w-tabs-section-control\"><\/div><\/button><div  class=\"w-tabs-section-content\" id=\"content-e8fb\"><div class=\"w-tabs-section-content-h i-cf\"><div class=\"wpb_text_column us_custom_8d5aa4e2\"><div class=\"wpb_wrapper\"><p>Una serie de talleres que le ayudar\u00e1n a profundizar los principios fundamentales del coaching terap\u00e9utico, explorando c\u00f3mo combina t\u00e9cnicas de coaching con enfoques terap\u00e9uticos para apoyar el crecimiento, la resiliencia y la autoeficiencia de los estudiantes. Aprender\u00e1 estrategias para ayudar a los estudiantes a identificar sus objetivos, superar los retos y fomentar la confianza personal y acad\u00e9mica. Se le presentar\u00e1 un modelo integrado de asesoramiento y coaching terap\u00e9utico, y una serie de intervenciones adaptadas y personalizadas, para gestionar el estr\u00e9s, desarrollar habilidades de resoluci\u00f3n de problemas y alcanzar su potencial.<\/p>\n<\/div><\/div><div class=\"w-iconbox us_custom_eb849559 iconpos_left style_default color_custom align_left no_title\"><div class=\"w-iconbox-icon\" style=\"font-size:2rem;--icon-color:#de090c;--icon-bg-color:#de090c;\"><i class=\"fas fa-times-square\"><\/i><\/div><div class=\"w-iconbox-meta\"><div class=\"w-iconbox-text\"><p><strong>En Internet<\/strong><\/p>\n<\/div><\/div><\/div><div class=\"w-iconbox iconpos_left style_default color_primary align_left no_title\"><div class=\"w-iconbox-icon\" style=\"font-size:2rem;\"><i class=\"fas fa-check-square\"><\/i><\/div><div class=\"w-iconbox-meta\"><div class=\"w-iconbox-text\"><p><strong>En persona<\/strong><\/p>\n<\/div><\/div><\/div><div class=\"w-iconbox iconpos_left style_default color_primary align_left no_title\"><div class=\"w-iconbox-icon\" style=\"font-size:2rem;\"><i class=\"fas fa-check-square\"><\/i><\/div><div class=\"w-iconbox-meta\"><div class=\"w-iconbox-text\"><p><strong>Particulares<\/strong><\/p>\n<\/div><\/div><\/div><div class=\"w-iconbox iconpos_left style_default color_primary align_left no_title\"><div class=\"w-iconbox-icon\" style=\"font-size:2rem;\"><i class=\"fas fa-check-square\"><\/i><\/div><div class=\"w-iconbox-meta\"><div class=\"w-iconbox-text\"><p><strong>Grupos<\/strong><\/p>\n<\/div><\/div><\/div><\/div><\/div><\/div><\/div><\/div><div class=\"wpb_text_column us_custom_b4c0c321\"><div class=\"wpb_wrapper\"><h6><em>Audiencia<\/em>: Profesores principiantes y el personal que les apoya, incluido: Equipo Directivo Superior, Mandos Intermedios, Consejeros, Equipo de Bienestar Escolar<\/h6>\n<\/div><\/div><div class=\"w-tabs accordion toggle_style_1 has_scrolling\" style=\"--sections-title-size:inherit;--sections-gap:0.5rem;\"><div class=\"w-tabs-sections titles-align_none icon_chevron cpos_right\"><div class=\"w-tabs-section\" id=\"o752\"><button type=\"button\" class=\"w-tabs-section-header\" aria-controls=\"content-o752\" aria-expanded=\"false\"><div class=\"w-tabs-section-title\">Apoyo a los Profesores Noveles<\/div><div class=\"w-tabs-section-control\"><\/div><\/button><div  class=\"w-tabs-section-content\" id=\"content-o752\"><div class=\"w-tabs-section-content-h i-cf\"><div class=\"wpb_text_column us_custom_8d5aa4e2\"><div class=\"wpb_wrapper\"><p>Un taller que le ayudar\u00e1 a desarrollar estrategias pr\u00e1cticas para gestionar el estr\u00e9s, mantener la resiliencia emocional y navegar eficazmente por los retos de la profesi\u00f3n docente. Aprender\u00e1 t\u00e9cnicas para priorizar el autocuidado, establecer l\u00edmites y lograr un equilibrio sostenible entre las responsabilidades profesionales y la vida personal. Adquirir\u00e1 habilidades para establecer y aprovechar sistemas de apoyo profesionales y personales, fomentando un sentido de comunidad y colaboraci\u00f3n para mejorar el bienestar y reducir los sentimientos de aislamiento.  <\/p>\n<\/div><\/div><div class=\"w-iconbox us_custom_eb849559 iconpos_left style_default color_primary align_left no_title\"><div class=\"w-iconbox-icon\" style=\"font-size:2rem;\"><i class=\"fas fa-check-square\"><\/i><\/div><div class=\"w-iconbox-meta\"><div class=\"w-iconbox-text\"><p><strong>En Internet<\/strong><\/p>\n<\/div><\/div><\/div><div class=\"w-iconbox iconpos_left style_default color_primary align_left no_title\"><div class=\"w-iconbox-icon\" style=\"font-size:2rem;\"><i class=\"fas fa-check-square\"><\/i><\/div><div class=\"w-iconbox-meta\"><div class=\"w-iconbox-text\"><p><strong>En persona<\/strong><\/p>\n<\/div><\/div><\/div><div class=\"w-iconbox iconpos_left style_default color_primary align_left no_title\"><div class=\"w-iconbox-icon\" style=\"font-size:2rem;\"><i class=\"fas fa-check-square\"><\/i><\/div><div class=\"w-iconbox-meta\"><div class=\"w-iconbox-text\"><p><strong>Particulares<\/strong><\/p>\n<\/div><\/div><\/div><div class=\"w-iconbox iconpos_left style_default color_primary align_left no_title\"><div class=\"w-iconbox-icon\" style=\"font-size:2rem;\"><i class=\"fas fa-check-square\"><\/i><\/div><div class=\"w-iconbox-meta\"><div class=\"w-iconbox-text\"><p><strong>Grupos<\/strong><\/p>\n<\/div><\/div><\/div><\/div><\/div><\/div><\/div><\/div><div class=\"wpb_text_column us_custom_0f8f44b7\"><div class=\"wpb_wrapper\"><p>La lista anterior no es absoluta. Si busca algo y no lo encuentra, p\u00f3ngase en contacto y podremos discutir nuestras opciones.<\/p>\n<\/div><\/div><\/div><\/div><\/div><\/div><\/section><section class=\"l-section wpb_row us_custom_278d8c57 height_medium width_full\"><div class=\"l-section-h i-cf\"><div class=\"g-cols vc_row via_grid cols_1 laptops-cols_inherit tablets-cols_inherit mobiles-cols_1 valign_middle type_default stacking_default\" style=\"--columns-gap:0.5rem;\"><div class=\"wpb_column vc_column_container us_custom_f3caab44 has_bg_color\"><div class=\"vc_column-overlay\" style=\"background:rgba(0,0,0,0.56)\"><\/div><div class=\"vc_column-inner\"><h3 class=\"w-text us_custom_d44d8758 has_text_color\"><span class=\"w-text-h\"><span class=\"w-text-value\">P\u00f3ngase en contacto<\/span><\/span><\/h3><div class=\"wpb_text_column us_custom_74613c26 has_text_color\"><div class=\"wpb_wrapper\"><p>Para consultar las preguntas m\u00e1s frecuentes, visita nuestra secci\u00f3n de Preguntas Frecuentes. O, si necesita ayuda, p\u00f3ngase en contacto con nosotros. <\/p>\n<\/div><\/div><div class=\"w-hwrapper valign_top wrap us_custom_0f8f44b7 align_center\" style=\"--hwrapper-gap:1.2rem\"><div class=\"w-btn-wrapper align_none\"><a class=\"w-btn us-btn-style_1 icon_atright\" href=\"https:\/\/corinium-international.com\/faqs\/\"><span class=\"w-btn-label\">Preguntas Frecuentes<\/span><i class=\"fas fa-chevron-right\"><\/i><\/a><\/div><div class=\"w-btn-wrapper align_none\"><a class=\"w-btn us-btn-style_1 icon_atright\" href=\"https:\/\/corinium-international.com\/es\/?page_id=1489\"><span class=\"w-btn-label\">Cont\u00e1ctenos<\/span><i class=\"fas fa-chevron-right\"><\/i><\/a><\/div><\/div><\/div><\/div><\/div><\/div><\/section>\n\n","protected":false},"excerpt":{"rendered":"Kathy Swords is an Integrative Counsellor, accredited by the British Association of Counsellors and Psychotherapists (BACP), and a Senior Level Coach Practitioner accredited by the European Mentoring and Coaching Council (EMCC). She has extensive experience working in schools in the UK, Europe and the Middle East, firstly as a teacher and, for the last fifteen...","protected":false},"author":2,"featured_media":0,"parent":1471,"menu_order":0,"comment_status":"closed","ping_status":"closed","template":"","meta":{"_acf_changed":false,"footnotes":""},"page-categories":[6],"class_list":["post-1472","page","type-page","status-publish","hentry","page-categories-bespoke-service"],"acf":[],"yoast_head":"<!-- This site is optimized with the Yoast SEO plugin v28.3 - https:\/\/yoast.com\/product\/yoast-seo-wordpress\/ -->\n<title>Pastoral, Protecci\u00f3n y Bienestar en la Escuela | CAS<\/title>\n<meta name=\"description\" content=\"Apoyar el bienestar del personal y de los alumnos es un esfuerzo colectivo. Nuestros cursos de desarrollo profesional est\u00e1n dise\u00f1ados para personas de todos los niveles y funciones en la educaci\u00f3n.\" \/>\n<meta name=\"robots\" content=\"index, follow, max-snippet:-1, max-image-preview:large, max-video-preview:-1\" \/>\n<link rel=\"canonical\" href=\"https:\/\/corinium-international.com\/es\/servicios-especializados\/bienestar-en-la-escuela\/\" \/>\n<meta property=\"og:locale\" content=\"es_ES\" \/>\n<meta property=\"og:type\" content=\"article\" \/>\n<meta property=\"og:title\" content=\"Pastoral, Protecci\u00f3n y Bienestar en la Escuela | CAS\" \/>\n<meta property=\"og:description\" content=\"Apoyar el bienestar del personal y de los alumnos es un esfuerzo colectivo. Nuestros cursos de desarrollo profesional est\u00e1n dise\u00f1ados para personas de todos los niveles y funciones en la educaci\u00f3n.\" \/>\n<meta property=\"og:url\" content=\"https:\/\/corinium-international.com\/es\/servicios-especializados\/bienestar-en-la-escuela\/\" \/>\n<meta property=\"og:site_name\" content=\"Corinium Academic Solutions\" \/>\n<meta property=\"article:modified_time\" content=\"2025-07-30T20:54:16+00:00\" \/>\n<meta name=\"twitter:card\" content=\"summary_large_image\" \/>\n<meta name=\"twitter:label1\" content=\"Tiempo de lectura\" \/>\n\t<meta name=\"twitter:data1\" content=\"13 minutos\" \/>\n<script type=\"application\/ld+json\" class=\"yoast-schema-graph\">{\"@context\":\"https:\\\/\\\/schema.org\",\"@graph\":[{\"@type\":\"WebPage\",\"@id\":\"https:\\\/\\\/corinium-international.com\\\/es\\\/servicios-especializados\\\/bienestar-en-la-escuela\\\/\",\"url\":\"https:\\\/\\\/corinium-international.com\\\/es\\\/servicios-especializados\\\/bienestar-en-la-escuela\\\/\",\"name\":\"Pastoral, Protecci\u00f3n y Bienestar en la Escuela | CAS\",\"isPartOf\":{\"@id\":\"https:\\\/\\\/corinium-international.com\\\/es\\\/#website\"},\"datePublished\":\"2024-11-21T16:41:30+00:00\",\"dateModified\":\"2025-07-30T20:54:16+00:00\",\"description\":\"Apoyar el bienestar del personal y de los alumnos es un esfuerzo colectivo. Nuestros cursos de desarrollo profesional est\u00e1n dise\u00f1ados para personas de todos los niveles y funciones en la educaci\u00f3n.\",\"breadcrumb\":{\"@id\":\"https:\\\/\\\/corinium-international.com\\\/es\\\/servicios-especializados\\\/bienestar-en-la-escuela\\\/#breadcrumb\"},\"inLanguage\":\"es\",\"potentialAction\":[{\"@type\":\"ReadAction\",\"target\":[\"https:\\\/\\\/corinium-international.com\\\/es\\\/servicios-especializados\\\/bienestar-en-la-escuela\\\/\"]}]},{\"@type\":\"BreadcrumbList\",\"@id\":\"https:\\\/\\\/corinium-international.com\\\/es\\\/servicios-especializados\\\/bienestar-en-la-escuela\\\/#breadcrumb\",\"itemListElement\":[{\"@type\":\"ListItem\",\"position\":1,\"name\":\"Home\",\"item\":\"https:\\\/\\\/corinium-international.com\\\/es\\\/inicio\\\/\"},{\"@type\":\"ListItem\",\"position\":2,\"name\":\"Servicios Especializados\",\"item\":\"https:\\\/\\\/corinium-international.com\\\/es\\\/?page_id=1471\"},{\"@type\":\"ListItem\",\"position\":3,\"name\":\"Bienestar en la Escuela\"}]},{\"@type\":\"WebSite\",\"@id\":\"https:\\\/\\\/corinium-international.com\\\/es\\\/#website\",\"url\":\"https:\\\/\\\/corinium-international.com\\\/es\\\/\",\"name\":\"Corinium Academic Solutions\",\"description\":\"\",\"potentialAction\":[{\"@type\":\"SearchAction\",\"target\":{\"@type\":\"EntryPoint\",\"urlTemplate\":\"https:\\\/\\\/corinium-international.com\\\/es\\\/?s={search_term_string}\"},\"query-input\":{\"@type\":\"PropertyValueSpecification\",\"valueRequired\":true,\"valueName\":\"search_term_string\"}}],\"inLanguage\":\"es\"}]}<\/script>\n<!-- \/ Yoast SEO plugin. -->","yoast_head_json":{"title":"Pastoral, Protecci\u00f3n y Bienestar en la Escuela | CAS","description":"Apoyar el bienestar del personal y de los alumnos es un esfuerzo colectivo. Nuestros cursos de desarrollo profesional est\u00e1n dise\u00f1ados para personas de todos los niveles y funciones en la educaci\u00f3n.","robots":{"index":"index","follow":"follow","max-snippet":"max-snippet:-1","max-image-preview":"max-image-preview:large","max-video-preview":"max-video-preview:-1"},"canonical":"https:\/\/corinium-international.com\/es\/servicios-especializados\/bienestar-en-la-escuela\/","og_locale":"es_ES","og_type":"article","og_title":"Pastoral, Protecci\u00f3n y Bienestar en la Escuela | CAS","og_description":"Apoyar el bienestar del personal y de los alumnos es un esfuerzo colectivo. Nuestros cursos de desarrollo profesional est\u00e1n dise\u00f1ados para personas de todos los niveles y funciones en la educaci\u00f3n.","og_url":"https:\/\/corinium-international.com\/es\/servicios-especializados\/bienestar-en-la-escuela\/","og_site_name":"Corinium Academic Solutions","article_modified_time":"2025-07-30T20:54:16+00:00","twitter_card":"summary_large_image","twitter_misc":{"Tiempo de lectura":"13 minutos"},"schema":{"@context":"https:\/\/schema.org","@graph":[{"@type":"WebPage","@id":"https:\/\/corinium-international.com\/es\/servicios-especializados\/bienestar-en-la-escuela\/","url":"https:\/\/corinium-international.com\/es\/servicios-especializados\/bienestar-en-la-escuela\/","name":"Pastoral, Protecci\u00f3n y Bienestar en la Escuela | CAS","isPartOf":{"@id":"https:\/\/corinium-international.com\/es\/#website"},"datePublished":"2024-11-21T16:41:30+00:00","dateModified":"2025-07-30T20:54:16+00:00","description":"Apoyar el bienestar del personal y de los alumnos es un esfuerzo colectivo. Nuestros cursos de desarrollo profesional est\u00e1n dise\u00f1ados para personas de todos los niveles y funciones en la educaci\u00f3n.","breadcrumb":{"@id":"https:\/\/corinium-international.com\/es\/servicios-especializados\/bienestar-en-la-escuela\/#breadcrumb"},"inLanguage":"es","potentialAction":[{"@type":"ReadAction","target":["https:\/\/corinium-international.com\/es\/servicios-especializados\/bienestar-en-la-escuela\/"]}]},{"@type":"BreadcrumbList","@id":"https:\/\/corinium-international.com\/es\/servicios-especializados\/bienestar-en-la-escuela\/#breadcrumb","itemListElement":[{"@type":"ListItem","position":1,"name":"Home","item":"https:\/\/corinium-international.com\/es\/inicio\/"},{"@type":"ListItem","position":2,"name":"Servicios Especializados","item":"https:\/\/corinium-international.com\/es\/?page_id=1471"},{"@type":"ListItem","position":3,"name":"Bienestar en la Escuela"}]},{"@type":"WebSite","@id":"https:\/\/corinium-international.com\/es\/#website","url":"https:\/\/corinium-international.com\/es\/","name":"Corinium Academic Solutions","description":"","potentialAction":[{"@type":"SearchAction","target":{"@type":"EntryPoint","urlTemplate":"https:\/\/corinium-international.com\/es\/?s={search_term_string}"},"query-input":{"@type":"PropertyValueSpecification","valueRequired":true,"valueName":"search_term_string"}}],"inLanguage":"es"}]}},"_links":{"self":[{"href":"https:\/\/corinium-international.com\/es\/wp-json\/wp\/v2\/pages\/1472","targetHints":{"allow":["GET"]}}],"collection":[{"href":"https:\/\/corinium-international.com\/es\/wp-json\/wp\/v2\/pages"}],"about":[{"href":"https:\/\/corinium-international.com\/es\/wp-json\/wp\/v2\/types\/page"}],"author":[{"embeddable":true,"href":"https:\/\/corinium-international.com\/es\/wp-json\/wp\/v2\/users\/2"}],"replies":[{"embeddable":true,"href":"https:\/\/corinium-international.com\/es\/wp-json\/wp\/v2\/comments?post=1472"}],"version-history":[{"count":18,"href":"https:\/\/corinium-international.com\/es\/wp-json\/wp\/v2\/pages\/1472\/revisions"}],"predecessor-version":[{"id":1723,"href":"https:\/\/corinium-international.com\/es\/wp-json\/wp\/v2\/pages\/1472\/revisions\/1723"}],"up":[{"embeddable":true,"href":"https:\/\/corinium-international.com\/es\/wp-json\/wp\/v2\/pages\/1471"}],"wp:attachment":[{"href":"https:\/\/corinium-international.com\/es\/wp-json\/wp\/v2\/media?parent=1472"}],"wp:term":[{"taxonomy":"page-categories","embeddable":true,"href":"https:\/\/corinium-international.com\/es\/wp-json\/wp\/v2\/page-categories?post=1472"}],"curies":[{"name":"wp","href":"https:\/\/api.w.org\/{rel}","templated":true}]}}